{"id":285,"date":"2024-09-24T22:11:09","date_gmt":"2024-09-24T22:11:09","guid":{"rendered":"https:\/\/www.radekstencl.com\/cz\/?page_id=285"},"modified":"2024-10-06T20:51:31","modified_gmt":"2024-10-06T20:51:31","slug":"ponor-se","status":"publish","type":"page","link":"https:\/\/www.radekstencl.com\/cz\/ponor-se\/","title":{"rendered":"Pono\u0159 se"},"content":{"rendered":"<div class=\"wp-block-group is-layout-constrained wp-container-core-group-is-layout-1 wp-block-group-is-layout-constrained\" style=\"padding-top:0;padding-right:0;padding-bottom:0;padding-left:0\"><figure class=\"wp-block-image alignright size-full is-resized\"><img loading=\"lazy\" decoding=\"async\" width=\"800\" height=\"440\" src=\"https:\/\/www.radekstencl.com\/cz\/wp-content\/uploads\/sites\/4\/2024\/09\/Radek-v-Brne.png\" alt=\"\" class=\"wp-image-281\" style=\"width:500px\" srcset=\"https:\/\/www.radekstencl.com\/cz\/wp-content\/uploads\/sites\/4\/2024\/09\/Radek-v-Brne.png 800w, https:\/\/www.radekstencl.com\/cz\/wp-content\/uploads\/sites\/4\/2024\/09\/Radek-v-Brne-300x165.png 300w, https:\/\/www.radekstencl.com\/cz\/wp-content\/uploads\/sites\/4\/2024\/09\/Radek-v-Brne-768x422.png 768w, https:\/\/www.radekstencl.com\/cz\/wp-content\/uploads\/sites\/4\/2024\/09\/Radek-v-Brne-600x330.png 600w\" sizes=\"(max-width: 800px) 100vw, 800px\" \/><\/figure>\n\n<p>Pro nej\u010dast\u011bj\u0161\u00ed ot\u00e1zky a po\u017eadavky jsme pro v\u00e1s p\u0159ipravili pom\u011brn\u011b obs\u00e1hl\u00fd kus informac\u00ed, a doporu\u010dujeme v\u00e1m si jej p\u0159e\u010d\u00edst.<\/p>\n\n<p>Pokud i p\u0159esto budete c\u00edt\u00edt pot\u0159ebu, m\u016f\u017eete n\u00e1m napsat na <a href=\"mailto:office@radekstencl.com\">office@radekstencl.com<\/a>.<\/p>\n\n<p>D\u011bl\u00e1me v\u0161e pro to, abychom v\u0161echny dotazy vy\u0159\u00eddili v\u010das. Radek v\u00e1s m\u00e1 v\u011bt\u0161inou r\u00e1d, ale je jen jeden, a pokud od n\u00e1s n\u011bjakou dobu nesly\u0161\u00edte, bu\u010fte trp\u011bliv\u00ed, dostaneme se k tomu.<\/p><\/div><div class=\"wp-block-group is-layout-constrained wp-container-core-group-is-layout-2 wp-block-group-is-layout-constrained\" style=\"padding-right:0;padding-left:0\"><h2 class=\"wp-block-heading\"><strong><a href=\"#unique\" data-type=\"internal\" data-id=\"#unique\">Pro\u010d jsou tato v\u00fdtvarn\u00e1 d\u00edla jedine\u010dn\u00e1?<\/a><\/strong><\/h2>\n\n<p>Pokud jste vid\u011bli n\u011bco podobn\u00e9ho, je to jin\u00e9, napodobenina nebo pad\u011blek. Radk\u016fv styl ze s\u00e9rie <em>Tekut\u00e9 Linie<\/em>, vyvinut\u00fd za dobu 20 let, pou\u017e\u00edv\u00e1 nekone\u010dn\u00e9 linie jako z\u00e1kladn\u00ed prvek stavby obraz\u016f, kter\u00e9 bezprobl\u00e9mov\u011b propojuj\u00ed logick\u00e9 vztahy mezi \u010d\u00e1stmi objekt\u016f v \u010dase a prostoru, m\u00eds\u00ed realitu s abstrakc\u00ed a vytv\u00e1\u0159\u00ed jedine\u010dn\u00fd a v\u00fdrazn\u00fd vizu\u00e1ln\u00ed jazyk. <a href=\"#unique\" data-type=\"internal\" data-id=\"#unique\">Pono\u0159 se\u2026<\/a><\/p>\n\n<h2 class=\"wp-block-heading\"><a href=\"#radek\" data-type=\"internal\" data-id=\"#radek\"><strong>N\u011bco o Radkovi<\/strong><\/a><\/h2>\n\n<p>Kombinace 51 % humanitn\u00ed a 49 % technick\u00e9 osobnosti umo\u017e\u0148uje nach\u00e1zet harmonii v tak protich\u016fdn\u00fdch elementech jako je empatie a logick\u00e9 my\u0161len\u00ed, intuice a anal\u00fdza nebo realita a imaginace. Cit\u00e1ty n\u00ed\u017ee jsou autorsk\u00e9. <a href=\"#radek\" data-type=\"internal\" data-id=\"#radek\">Pono\u0159 se&#8230;<\/a><\/p>\n\n<h2 class=\"wp-block-heading\"><strong><a href=\"#buying\" data-type=\"internal\" data-id=\"#buying\">Zva\u017eujete n\u00e1kup v\u00fdtvarn\u00e9ho d\u00edla?<\/a><\/strong><\/h2>\n\n<p>Potom zva\u017eujete dobrou v\u011bc. A i kdy\u017e se jedn\u00e1 o v\u011bc postradatelnou, je z um\u011bn\u00ed z t\u011bch postradateln\u00fdch nejpot\u0159ebn\u011bj\u0161\u00ed. Poskytuje estetick\u00e9 pot\u011b\u0161en\u00ed, t\u0159\u00edb\u00ed vkus, zlep\u0161uje du\u0161evn\u00ed zdrav\u00ed, m\u016f\u017ee uchov\u00e1vat hodnotu, m\u016f\u017ee v\u00e1m i vyd\u011blat pen\u00edze. <a href=\"#buying\" data-type=\"internal\" data-id=\"#buying\">Pono\u0159 se&#8230;<\/a><\/p>\n\n<h2 class=\"wp-block-heading\"><strong><a href=\"#buyingradek\" data-type=\"internal\" data-id=\"#buyingradek\">Jak z\u00edskat Radkovo um\u011bn\u00ed?<\/a><\/strong><\/h2>\n\n<p>Existuje p\u011bt zp\u016fsob\u016f, dva jsou zdarma. <a href=\"#buyingradek\" data-type=\"internal\" data-id=\"#buyingradek\">Pono\u0159 se&#8230;<\/a><\/p>\n\n<h2 class=\"wp-block-heading\"><strong><a href=\"#coa\" data-type=\"internal\" data-id=\"#coa\">Chcete ov\u011b\u0159it pravost ?<\/a><\/strong><\/h2>\n\n<p>Koup\u00ed um\u011bleck\u00e9ho d\u00edla p\u0159\u00edmo od n\u00e1s, tedy organizac\u00ed Radek \u0160tencl Trust, zastupovanou spole\u010dnost\u00ed Turov s.r.o., z\u00edsk\u00e1te k obrazu Certifik\u00e1t pravosti v\u017edy. Pokud se chyst\u00e1te koupit Radkovo um\u011bleck\u00e9 d\u00edlo na sekund\u00e1rn\u00edm trhu, m\u016f\u017eete si je\u0161t\u011b p\u0159ed zaplacen\u00edm u n\u00e1s nechat ov\u011b\u0159it pravost d\u00edla. Pokud ji\u017e Radkovo um\u011bleck\u00e9 d\u00edlo vlastn\u00edte, o Certifik\u00e1t pravosti si m\u016f\u017eete po\u017e\u00e1dat. <a href=\"#coa\" data-type=\"internal\" data-id=\"#coa\">Pono\u0159 se&#8230;<\/a><\/p><\/div><div class=\"wp-block-group is-layout-constrained wp-container-core-group-is-layout-3 wp-block-group-is-layout-constrained\" style=\"padding-right:0;padding-left:0\"><h2 class=\"wp-block-heading\" id=\"unique\"><strong>Pro\u010d jsou tato v\u00fdtvarn\u00e1 d\u00edla jedine\u010dn\u00e1?<\/strong><\/h2>\n\n<figure class=\"wp-block-image alignright size-full is-resized\"><img loading=\"lazy\" decoding=\"async\" width=\"1773\" height=\"1182\" src=\"https:\/\/www.radekstencl.com\/cz\/wp-content\/uploads\/sites\/4\/2024\/09\/2005.jpg\" alt=\"\" class=\"wp-image-322\" style=\"width:500px\" srcset=\"https:\/\/www.radekstencl.com\/cz\/wp-content\/uploads\/sites\/4\/2024\/09\/2005.jpg 1773w, https:\/\/www.radekstencl.com\/cz\/wp-content\/uploads\/sites\/4\/2024\/09\/2005-300x200.jpg 300w, https:\/\/www.radekstencl.com\/cz\/wp-content\/uploads\/sites\/4\/2024\/09\/2005-1024x683.jpg 1024w, https:\/\/www.radekstencl.com\/cz\/wp-content\/uploads\/sites\/4\/2024\/09\/2005-768x512.jpg 768w, https:\/\/www.radekstencl.com\/cz\/wp-content\/uploads\/sites\/4\/2024\/09\/2005-1536x1024.jpg 1536w, https:\/\/www.radekstencl.com\/cz\/wp-content\/uploads\/sites\/4\/2024\/09\/2005-600x400.jpg 600w\" sizes=\"(max-width: 1773px) 100vw, 1773px\" \/><figcaption class=\"wp-element-caption\"><em>Detail obrazu Konec nad\u011bj\u00edm II z v\u00fdstavy Tekut\u00e9 linie.<\/em><\/figcaption><\/figure>\n\n<p>Nejprve styl. Pod\u00edvejte se na jak\u00fdkoli Radk\u016fv obraz, vyberte si libovolnou linii, kdekoli. Sledujte ji. Kon\u010d\u00ed n\u011bkde? Ne. Nem\u016f\u017ee b\u00fdt p\u0159eru\u0161ena, linie je nekone\u010dn\u00e1, tekut\u00e1, spojuje se a rozd\u011bluje s jin\u00fdmi liniemi, ale nikdy nen\u00ed brut\u00e1ln\u011b ukon\u010dena. Nab\u00edz\u00ed discipl\u00ednu, \u0159\u00e1d, smysl pro strukturu, rovnov\u00e1hu. Na\u0161li jste linii, kter\u00e1 byla v n\u011bkter\u00e9m z Radkov\u00fdch obraz\u016f n\u00e1hle p\u0159eru\u0161ena? Dejte n\u00e1m v\u011bd\u011bt, mo\u017en\u00e1 jste vyhr\u00e1li cenu.<\/p>\n\n<p>Mal\u00ed\u0159sk\u00e1 technika. V\u011bt\u0161inou je pou\u017eita akrylov\u00e1 barva. Jsou to modern\u00ed barvy, kter\u00e9 maj\u00ed stejnou odolnost jako barvy olejov\u00e9 a tak\u00e9 stejnou jasnost, pokud jsou spr\u00e1vn\u011b pou\u017eity. Jejich v\u00fdhodu Radek maxim\u00e1ln\u011b vyu\u017e\u00edv\u00e1 v r\u016fzn\u00fdch \u00farovn\u00edch pr\u016fhlednosti. Barva na konkr\u00e9tn\u00edm m\u00edst\u011b obrazu tedy nen\u00ed vytvo\u0159ena jednou silnou vrstvou barvy, ale sp\u00ed\u0161e v\u00edce vrstvami r\u016fzn\u00fdch barevn\u00fdch t\u00f3n\u016f a struktur. Nen\u00ed v\u00fdjimkou, \u017ee \u010d\u00e1sti obraz\u016f jsou vytvo\u0159eny z 30 a v\u00edce vrstev. Plochy mezi liniemi mohou b\u00fdt propojeny, i kdy\u017e nejsou na prvn\u00ed pohled viditeln\u00e9, a mohou b\u00fdt propojeny i pod a nad liniemi. Je to pracn\u00e9? Ano. Je to organizovan\u00e9? Absolutn\u011b.<\/p>\n\n<figure class=\"wp-block-image alignright size-large is-resized\"><img loading=\"lazy\" decoding=\"async\" width=\"1024\" height=\"671\" src=\"https:\/\/www.radekstencl.com\/cz\/wp-content\/uploads\/sites\/4\/2024\/09\/Visual-1024x671.png\" alt=\"\" class=\"wp-image-329\" style=\"width:500px\" srcset=\"https:\/\/www.radekstencl.com\/cz\/wp-content\/uploads\/sites\/4\/2024\/09\/Visual-1024x671.png 1024w, https:\/\/www.radekstencl.com\/cz\/wp-content\/uploads\/sites\/4\/2024\/09\/Visual-300x197.png 300w, https:\/\/www.radekstencl.com\/cz\/wp-content\/uploads\/sites\/4\/2024\/09\/Visual-768x503.png 768w, https:\/\/www.radekstencl.com\/cz\/wp-content\/uploads\/sites\/4\/2024\/09\/Visual-600x393.png 600w, https:\/\/www.radekstencl.com\/cz\/wp-content\/uploads\/sites\/4\/2024\/09\/Visual.png 1384w\" sizes=\"(max-width: 1024px) 100vw, 1024px\" \/><figcaption class=\"wp-element-caption\"><em>Detail obrazu \u017d\u00e1dn\u00fd odkaz nezmiz\u00ed<\/em><\/figcaption><\/figure>\n\n<p>Potom je tu samotn\u00e9 zobrazen\u00ed. Rozlo\u017een\u00edm z\u00e1kladn\u00edch prvk\u016f malovan\u00fdch objekt\u016f lze dos\u00e1hnout n\u011b\u010deho, co je\u0161t\u011b nikdy v cel\u00e9 sv\u00e9 \u00faplnosti a slo\u017eitosti nebylo p\u0159edt\u00edm realizov\u00e1no. Jsou to \u010d\u00e1sti objekt\u016f tak, jak vypadaj\u00ed nyn\u00ed, jak vypadaly d\u0159\u00edve nebo jak budou vypadat v budoucnu. Stoj\u00ed, jsou v pohybu, jsou p\u0159\u00edtomn\u00e9 nebo nep\u0159\u00edtomn\u00e9, v pln\u00e9m sv\u011btle nebo ve tm\u011b, skute\u010dn\u00e9 nebo sn\u011bn\u00e9, sm\u011bj\u00edc\u00ed se, k\u0159i\u010d\u00edc\u00ed. V\u0161e prezentov\u00e1no spole\u010dn\u011b najednou.<\/p>\n\n<p>M\u016f\u017eete m\u00edt pocit a spr\u00e1vn\u00fd, \u017ee um\u011bn\u00ed je v\u017edy odrazem vnit\u0159n\u00edho sv\u011bta autora. V\u00edce o tom v \u010d\u00e1sti <a href=\"#radek\" data-type=\"internal\" data-id=\"#radek\">N\u011bco o Radkovi<\/a> n\u00ed\u017ee. Existuj\u00ed dal\u0161\u00ed prvky um\u011bleck\u00e9ho d\u00edla, kter\u00e9 lze za\u017e\u00edt pouze tehdy, pokud jste mu vystaveni po ur\u010ditou dobu. V\u00edce o tom v \u010d\u00e1sti <a href=\"#buying\" data-type=\"internal\" data-id=\"#buying\">Zva\u017eujete n\u00e1kup v\u00fdtvarn\u00e9ho d\u00edla?<\/a> n\u00ed\u017ee.<\/p><\/div><figure class=\"wp-block-pullquote\" style=\"padding-right:0;padding-left:0\"><blockquote><p><em>\u201c\u017divot ti d\u00e1 to, co jsi.\u201d<\/em><\/p><\/blockquote><\/figure><div class=\"wp-block-group is-layout-constrained wp-container-core-group-is-layout-4 wp-block-group-is-layout-constrained\" style=\"padding-right:0;padding-left:0\"><h2 class=\"wp-block-heading\" id=\"radek\"><strong>N\u011bco o Radkovi<\/strong><\/h2>\n\n<figure class=\"wp-block-image alignright size-full is-resized\"><img loading=\"lazy\" decoding=\"async\" width=\"600\" height=\"886\" src=\"https:\/\/www.radekstencl.com\/cz\/wp-content\/uploads\/sites\/4\/2024\/09\/Radek-Stencl-The-White-House.jpg\" alt=\"\" class=\"wp-image-338\" style=\"width:500px\" srcset=\"https:\/\/www.radekstencl.com\/cz\/wp-content\/uploads\/sites\/4\/2024\/09\/Radek-Stencl-The-White-House.jpg 600w, https:\/\/www.radekstencl.com\/cz\/wp-content\/uploads\/sites\/4\/2024\/09\/Radek-Stencl-The-White-House-203x300.jpg 203w\" sizes=\"(max-width: 600px) 100vw, 600px\" \/><figcaption class=\"wp-element-caption\"><em>B\u00edl\u00fd d\u016fm \u2013 navr\u017een a postaven Radkem<\/em><\/figcaption><\/figure>\n\n<p>A koho to vlastn\u011b zaj\u00edm\u00e1? Existuj\u00ed miliony um\u011blc\u016f. Ale v\u00e1s alespo\u0148 trochu zaj\u00edm\u00e1 potenci\u00e1l Radkova um\u011bn\u00ed, m\u016f\u017eete uv\u00edtat, \u017ee tuto kapitolu m\u00e1te k dispozici. Rozhodnut\u00ed, zda ji zde m\u00edt \u010di ne, nakonec nebylo snadn\u00e9.<\/p>\n\n<figure class=\"wp-block-image alignleft size-full is-resized\"><img loading=\"lazy\" decoding=\"async\" width=\"489\" height=\"817\" src=\"https:\/\/www.radekstencl.com\/cz\/wp-content\/uploads\/sites\/4\/2024\/09\/Radek-cider.png\" alt=\"\" class=\"wp-image-342\" style=\"width:250px\" srcset=\"https:\/\/www.radekstencl.com\/cz\/wp-content\/uploads\/sites\/4\/2024\/09\/Radek-cider.png 489w, https:\/\/www.radekstencl.com\/cz\/wp-content\/uploads\/sites\/4\/2024\/09\/Radek-cider-180x300.png 180w\" sizes=\"(max-width: 489px) 100vw, 489px\" \/><figcaption class=\"wp-element-caption\"><em>Radek \u0160tencl Hard Cider ro\u010dn\u00edk 2022<\/em><\/figcaption><\/figure>\n\n<p>Jak ka\u017ed\u00e9ho \u017eivot vypad\u00e1 je v\u00fdsledkem mnoha mal\u00fdch i velk\u00fdch rozhodnut\u00ed. Ka\u017ed\u00e1 volba ur\u010duje \u00farove\u0148 zku\u0161enost\u00ed, p\u0159edstavivosti, kreativity a vlivu. Rozhodnut\u00edm soust\u0159edit se jen na jednu \u010dinnost znamen\u00e1 m\u00edt velmi hlubokou \u00farove\u0148 porozum\u011bn\u00ed a m\u00edt velk\u00fd vliv v konkr\u00e9tn\u00ed oblasti, n\u011bkdy i s p\u0159esahem mimo ni. Existuje dal\u0161\u00ed p\u0159\u00edstup, kter\u00fd si vybralo mnoho slavn\u00fdch polyhistor\u016f, a to zam\u011b\u0159it se hned na n\u011bkolik oblast\u00ed, kde jsou p\u0159i spr\u00e1vn\u00e9m uchopen\u00ed umo\u017en\u011bny neobvykl\u00e9 synergie a vz\u00e1jemn\u00e9 inspirace. Takov\u00fd postoj vy\u017eaduje nejvy\u0161\u0161\u00ed \u00farove\u0148 organizace a optimalizace. Vznikl\u00e9 inovace mohou b\u00fdt jedine\u010dn\u00e9. Jak \u0159\u00edk\u00e1 Radek, nejde o volbu, jde o vnit\u0159n\u00ed ur\u010den\u00ed.<\/p>\n\n<p>A proto najdete viditeln\u00e9 nebo skryt\u00e9 aspekty t\u011bchto synergick\u00fdch efekt\u016f v t\u011bchto um\u011bleck\u00fdch d\u00edlech. Od architektonick\u00fdch n\u00e1vrh\u016f a konstrukc\u00ed, p\u0159es zak\u00e1zkov\u00e9 n\u00e1vrhy vintage motocykl\u016f, v\u00fdrobu cideru na farm\u011b se zam\u011b\u0159en\u00edm na maxim\u00e1ln\u00ed udr\u017eitelnost a variabilitu druh\u016f, podnik\u00e1n\u00ed v oblasti kybernetick\u00e9 bezpe\u010dnosti a pron\u00e1jmu, unik\u00e1tn\u00ed soci\u00e1ln\u00ed projekt <a href=\"https:\/\/www.radekstencl.com\/cz\/nic\/\" data-type=\"page\" data-id=\"2\">Nic<\/a>, a\u017e po my\u0161lenkov\u00e9 koncepty, kter\u00e9 umo\u017e\u0148uj\u00ed lidstvu posouvat \u00farove\u0148 lidskosti a v\u011bd\u011bn\u00ed.<\/p><\/div><figure class=\"wp-block-pullquote\" style=\"padding-right:0;padding-left:0\"><blockquote><p><em>\u201c\u010c\u00edm pomaleji jde\u0161, t\u00edm v\u00edc vid\u00ed\u0161.\u201d<\/em><\/p><\/blockquote><\/figure><div class=\"wp-block-group is-layout-constrained wp-container-core-group-is-layout-5 wp-block-group-is-layout-constrained\" style=\"padding-right:0;padding-left:0\"><h2 class=\"wp-block-heading\" id=\"buying\"><strong>Zva\u017eujete n\u00e1kup v\u00fdtvarn\u00e9ho d\u00edla?<\/strong><\/h2>\n\n<p>Skv\u011bl\u00e1 my\u0161lenka, vysv\u011btl\u00edme, pro\u010d si to mysl\u00edme. P\u0159edev\u0161\u00edm je tu n\u011bco, co um\u011bn\u00ed dok\u00e1\u017ee. Pohled do va\u0161\u00ed vlastn\u00ed du\u0161e. M\u00edt vystaven\u00e9 um\u011bleck\u00e9 d\u00edlo v prostor\u00e1ch, v kter\u00fdch bydl\u00edte nebo pracujete, v\u00e1s ovliv\u0148uje, a to i tehdy, kdy\u017e se na n\u011bj ned\u00edv\u00e1te. Jako jak\u00fdkoliv jin\u00fd objekt, kter\u00fdm se obklopujete. Formuje to, k\u00fdm jste uvnit\u0159, a naopak. Chcete, aby va\u0161e my\u0161lenky byly kr\u00e1sn\u011bj\u0161\u00ed, m\u011bly v\u011bt\u0161\u00ed hloubku? Um\u011bleck\u00e9 d\u00edlo ve va\u0161em prostoru m\u00e1 pozitivn\u00ed vliv na va\u0161e du\u0161evn\u00ed zdrav\u00ed (v\u00edce detailn\u00ed \u00favaha na toto t\u00e9ma t\u0159eba anglicky v <a href=\"https:\/\/lik.com\/blogs\/journal\/psychological-benefits-fine-art-home\" data-type=\"link\" data-id=\"https:\/\/lik.com\/blogs\/journal\/psychological-benefits-fine-art-home\">tomto extern\u00edm odkazu<\/a>).<\/p>\n\n<figure class=\"wp-block-image alignright size-full is-resized\"><img loading=\"lazy\" decoding=\"async\" width=\"552\" height=\"600\" src=\"https:\/\/www.radekstencl.com\/cz\/wp-content\/uploads\/sites\/4\/2024\/09\/Paintings-The-Future-detail.png\" alt=\"\" class=\"wp-image-354\" style=\"width:500px\" srcset=\"https:\/\/www.radekstencl.com\/cz\/wp-content\/uploads\/sites\/4\/2024\/09\/Paintings-The-Future-detail.png 552w, https:\/\/www.radekstencl.com\/cz\/wp-content\/uploads\/sites\/4\/2024\/09\/Paintings-The-Future-detail-276x300.png 276w\" sizes=\"(max-width: 552px) 100vw, 552px\" \/><figcaption class=\"wp-element-caption\"><em>Detail obrazu Budoucnost<\/em><\/figcaption><\/figure>\n\n<p>Nejjednodu\u0161\u0161\u00ed zp\u016fsob, jak kultivovat v\u00e1\u0161 vnit\u0159n\u00ed sv\u011bt a emoce, je pov\u011bsit kolem sebe n\u011bkolik kvalitn\u00edch um\u011bleck\u00fdch d\u011bl. N\u011bco, co vytvo\u0159il jin\u00fd \u010dlov\u011bk, tedy n\u011bkdo, kdo tak sd\u00edl\u00ed individu\u00e1ln\u00ed a kolektivn\u00ed \u017eivotn\u00ed zku\u0161enosti. N\u011bco vytvo\u0159en\u00e9ho s emocemi a v \u010dase. Aby to fungovalo, mus\u00edte m\u00edt od um\u011bn\u00ed vysok\u00e9 o\u010dek\u00e1v\u00e1n\u00ed, zkr\u00e1tka mus\u00ed b\u00fdt kvalitn\u00ed (co\u017e automaticky neznamen\u00e1 drah\u00e9). Ale jak poznat, \u017ee je d\u00edlo kvalitn\u00ed a dobr\u00e9 a pro v\u00e1s?<\/p>\n\n<p>Existuje jednoduch\u00fd zp\u016fsob, jak to zjistit. Nechme stranou mo\u017enosti poslouchat rady profesion\u00e1ln\u00edho galeristy, um\u011bleck\u00e9ho kritika nebo kur\u00e1tora, samovzd\u011bl\u00e1v\u00e1n\u00ed um\u011bleck\u00fdmi publikacemi nebo sledov\u00e1n\u00edm aukc\u00ed. Pot\u0159ebujete investovat trochu \u010dasu, ale takov\u00fdm zp\u016fsobem, \u017ee v\u00e1m nebude chyb\u011bt. Pokud v\u00e1s konkr\u00e9tn\u00ed um\u011bleck\u00e9 d\u00edlo zaj\u00edm\u00e1, jednodu\u0161e ho pov\u011bste ve sv\u00e9m prostoru a nechte ho na v\u00e1s alespo\u0148 jeden m\u011bs\u00edc p\u016fsobit, t\u0159i m\u011bs\u00edce jsou lep\u0161\u00ed. Pokud i po t\u00e9to dob\u011b st\u00e1le pova\u017eujete um\u011bleck\u00e9 d\u00edlo za zaj\u00edmav\u00e9, st\u00e1le objevujete nov\u00e9 detaily, nov\u00e9 my\u0161lenky, pak je velk\u00e1 \u0161ance, \u017ee si s v\u00e1mi um\u011bleck\u00e9 d\u00edlo vytvo\u0159\u00ed vztah na mnohem del\u0161\u00ed dobu a um\u011bleck\u00e9 d\u00edlo bude zr\u00e1t a zvy\u0161ovat svoji hodnotu. Pro v\u00e1s i pro ostatn\u00ed.<\/p>\n\n<p>Co t\u00edm vlastn\u011b \u0159\u00edk\u00e1me je, \u017ee pokud to um\u011blec nebo prodejce s um\u011bn\u00edm mysl\u00ed v\u00e1\u017en\u011b, nem\u011bl by m\u00edt probl\u00e9m souhlasit s pron\u00e1jmem um\u011bleck\u00e9ho d\u00edla. A\u010dkoli zaji\u0161\u0165ujeme pron\u00e1jem um\u011bn\u00ed p\u0159edev\u0161\u00edm pro Radka \u0160tencla, m\u016f\u017eeme v\u00e1m poradit i s pron\u00e1jmem um\u011bn\u00ed obecn\u011b. P\u0159\u00edpadn\u011b doporu\u010dujeme zkusit specialisty na pron\u00e1jem um\u011bn\u00ed <a href=\"https:\/\/www.renteden.com\" data-type=\"link\" data-id=\"https:\/\/www.renteden.com\">Renteden<\/a>, se kter\u00fdmi jsme m\u011bli dobr\u00e9 a bezprobl\u00e9mov\u00e9 zku\u0161enosti.<\/p>\n\n<p>Kolik za to? P\u0159esko\u010dte tuto \u010d\u00e1st, pokud v\u00e1m p\u0159ijde nevhodn\u00e1. Stejn\u011b jako u jin\u00fdch produkt\u016f je um\u011bleck\u00e9 d\u00edlo zcela dokon\u010deno a\u017e kdy\u017e je prod\u00e1no a m\u016f\u017ee roz\u0161\u00ed\u0159it sv\u016fj \u00fa\u010del. Dobr\u00e9 um\u011bn\u00ed m\u016f\u017ee uchov\u00e1vat hodnotu a \u010dasem ji zvy\u0161ovat. Koupit od galeristy? Jist\u011b. Nebo na aukci? Pro\u010d ne, jsou k dispozici kr\u00e1sn\u00e9 kousky. Jen vyjedn\u00e1vejte, tvrd\u011b. A ov\u011b\u0159te si, co vlastn\u011b kupujete. Pro\u010d v\u0161ak nekoupit p\u0159\u00edmo od um\u011blce? Pozn\u00e1te ho osobn\u011b, z\u00edsk\u00e1te skv\u011blou cenu bez jak\u00e9koli provize, m\u016f\u017eete dokonce z\u00edskat rezervaci na um\u011bleck\u00e9 d\u00edlo, kter\u00e9 je\u0161t\u011b nebylo vytvo\u0159eno, co\u017e je zvl\u00e1\u0161t\u011b v\u00fdhodn\u00e9, pokud je d\u011bl nedostatek a ceny rostou. Um\u011blci mohou b\u00fdt zvl\u00e1\u0161tn\u00ed patroni, stejn\u00e9 to m\u016f\u017ee b\u00fdt s vyjedn\u00e1v\u00e1n\u00edm. Nem\u011blo by v\u00e1s to odradit. Jsou nesm\u00edrn\u011b zv\u011bdav\u00ed kdo kupuje a jak bude um\u011bleck\u00e9 d\u00edlo vyu\u017eito. Pokud m\u00e1te \u0161anci, jd\u011bte do toho. Obvykle z\u00edsk\u00e1te dobrou cenu p\u0159ed t\u00edm, ne\u017e se um\u011blec proslav\u00ed, stane se p\u0159\u00edli\u0161 \u017e\u00e1dan\u00fdm, p\u0159\u00edli\u0161 nedostupn\u00fdm. Nebo zjist\u00edte, \u017ee to nestoj\u00ed za va\u0161i investici. Ob\u011b mo\u017enosti jsou spr\u00e1vn\u011b, pro ob\u011b strany.<\/p>\n\n<figure class=\"wp-block-image alignleft size-full is-resized\"><img loading=\"lazy\" decoding=\"async\" width=\"691\" height=\"383\" src=\"https:\/\/www.radekstencl.com\/cz\/wp-content\/uploads\/sites\/4\/2024\/09\/Price-levels-of-artwork-sold-Radek-Stencl.png\" alt=\"\" class=\"wp-image-355\" style=\"width:500px\" srcset=\"https:\/\/www.radekstencl.com\/cz\/wp-content\/uploads\/sites\/4\/2024\/09\/Price-levels-of-artwork-sold-Radek-Stencl.png 691w, https:\/\/www.radekstencl.com\/cz\/wp-content\/uploads\/sites\/4\/2024\/09\/Price-levels-of-artwork-sold-Radek-Stencl-300x166.png 300w, https:\/\/www.radekstencl.com\/cz\/wp-content\/uploads\/sites\/4\/2024\/09\/Price-levels-of-artwork-sold-Radek-Stencl-600x333.png 600w\" sizes=\"(max-width: 691px) 100vw, 691px\" \/><figcaption class=\"wp-element-caption\"><em>Graf v\u00fdvoje cen u prodan\u00fdch Radkov\u00fdch d\u011bl<\/em><\/figcaption><\/figure>\n\n<p>Poj\u010fme se pod\u00edvat, jak obt\u00ed\u017en\u00e9 m\u016f\u017ee b\u00fdt odhadnout dobrou cenu p\u0159ed t\u00edm, ne\u017e se um\u011blec proslav\u00ed. Jako p\u0159\u00edklad pou\u017eijeme tento graf, kter\u00fd ukazuje v\u00fdvoj skute\u010dn\u00fdch cen prodan\u00fdch Radkov\u00fdch um\u011bleck\u00fdch d\u011bl. A \u2013 experimentov\u00e1n\u00ed s r\u016fzn\u00fdmi styly, z\u00e1bava. B \u2013 uv\u011bdom\u011bn\u00ed si, \u017ee um\u011bleck\u00e9 sna\u017een\u00ed mus\u00ed b\u00fdt seri\u00f3zn\u00ed, aby vytvo\u0159ilo n\u011bco jedine\u010dn\u00e9ho, tvrd\u00e1 pr\u00e1ce. C \u2013 vybudov\u00e1n\u00ed um\u011bleck\u00e9ho studia, prvn\u00ed v\u00fdstava s\u00e9rie obraz\u016f Tekut\u00e9 linie, rozvoj sekund\u00e1rn\u00edho trhu a prodej na aukci. D \u2013 \u0161ly ceny p\u0159\u00edli\u0161 nahoru? E \u2013 projekce zalo\u017een\u00e1 na sou\u010dasn\u00e9 popt\u00e1vce. Nem\u00e1 smysl \u0161pekulovat a vy\u010dk\u00e1vat.<\/p>\n\n<p>Je\u0161t\u011b jedna pozn\u00e1mka k um\u011bn\u00ed generovan\u00e9mu um\u011blou inteligenc\u00ed, proto\u017ee i na toto t\u00e9ma dost\u00e1v\u00e1me mno\u017estv\u00ed dotaz\u016f. Nejsme zcela nestrann\u00ed, pravda, ale kdy\u017e v\u0161e vezmeme do \u00favahy, nevid\u00edme, \u017ee by v dohledn\u00e9 dob\u011b, pokud v\u016fbec n\u011bkdy, vzniklo hodnotn\u00e9 um\u011bn\u00ed vytvo\u0159en\u00e9 um\u011blou inteligenc\u00ed. M\u016f\u017ee b\u00fdt esteticky dob\u0159e proveden\u00e9. M\u016f\u017ee b\u00fdt technologicky dovedeno do mez\u00ed, kter\u00e9 si dnes ani nedok\u00e1\u017eeme p\u0159edstavit, takov\u00e9to &#8222;to jsem je\u0161t\u011b nevid\u011bl&#8220;. Ale v\u017edy bude chyb\u011bt jedna postatn\u00e1 \u010d\u00e1st &#8211; \u017eivotn\u00ed zku\u0161enost, tak jak ji maj\u00ed lid\u00e9. B\u00fdt zamilovan\u00fd, ztratit novorozen\u00e9 d\u00edt\u011b, za\u017e\u00edt trag\u00e9die v\u00e1lky, c\u00edtit kolektivn\u00ed du\u0161i a m\u00edt radost ze spole\u010dn\u00fdch \u00fasp\u011bch\u016f, to v\u0161e je sou\u010d\u00e1st\u00ed nep\u0159enositeln\u00e9 zku\u0161enosti. Nem\u016f\u017eete to nau\u010dit um\u011blou inteligenci, nem\u016f\u017eete to p\u0159esn\u011b popsat. To je to, co hodnotn\u00e9 um\u011bleck\u00e9 d\u00edlo obsahuje, a to je to, co um\u011bn\u00ed vytvo\u0159en\u00e9 um\u011blou inteligenc\u00ed nikdy m\u00edt nebude.<\/p><\/div><figure class=\"wp-block-pullquote\" style=\"padding-right:0;padding-left:0\"><blockquote><p><em>\u201cSkute\u010dn\u011b svobodn\u00ed budeme a\u017e tehdy, kdy se zbav\u00edme v\u0161ech sv\u00fdch strach\u016f.\u201d<\/em><\/p><\/blockquote><\/figure><div class=\"wp-block-group is-layout-constrained wp-container-core-group-is-layout-6 wp-block-group-is-layout-constrained\" style=\"padding-right:0;padding-left:0\"><h2 class=\"wp-block-heading\" id=\"buyingradek\"><strong>Jak z\u00edskat Radkovo um\u011bn\u00ed?<\/strong><\/h2>\n\n<p>Prvn\u00ed mo\u017enost, zdarma, je pro p\u0159\u00edpad, \u017ee budete cht\u00edt pou\u017e\u00edt jak\u00fdkoli obr\u00e1zek z t\u00e9to webov\u00e9 str\u00e1nky pro nekomer\u010dn\u00ed, osobn\u00ed pot\u011b\u0161en\u00ed. Vytiskn\u011bte si ho, ud\u011blejte hrnky, tri\u010dka nebo cokoli, co v\u00e1s pot\u011b\u0161\u00ed. Tyto obr\u00e1zky v\u0161ak nejsou licencov\u00e1ny Radkem ani Radek \u0160tencl Trust \u017e\u00e1dn\u00e9 t\u0159et\u00ed stran\u011b. Pros\u00edm, nepou\u017e\u00edvejte je pro komer\u010dn\u00ed \u00fa\u010dely nebo politick\u00e9, n\u00e1bo\u017eensk\u00e9 a jin\u00e9 podobn\u00e9 aktivity. Pravideln\u011b to kontrolujeme.<\/p>\n\n<p>Druh\u00e1 mo\u017enost, zdarma, pozv\u011bte Radka na va\u0161i velkolepou a dob\u0159e m\u00edn\u011bnou akci, jako jsou narozeniny nebo slavnostn\u00ed otev\u0159en\u00ed. Je velmi mal\u00e1 \u0161ance na dostupnost a d\u00e1rek ve form\u011b um\u011bleck\u00e9ho d\u00edla.<\/p>\n\n<p>T\u0159et\u00ed mo\u017enost, pronajm\u011bte si ho. K pron\u00e1jmu jsou k dispozici pouze origin\u00e1ln\u00ed malby na pl\u00e1tn\u011b. Podrobnosti budou dohodnuty individu\u00e1ln\u011b, jako \u010dasov\u00fd r\u00e1mec a p\u0159ed\u00e1n\u00ed. Cena je p\u0159\u00edzniv\u00e1, placen\u00e1 m\u011bs\u00ed\u010dn\u011b, a zaplacen\u00e1 \u010d\u00e1stka je ode\u010dtena z ceny um\u011bleck\u00e9ho d\u00edla, pokud se jej rozhodnete koupit.<\/p>\n\n<p>\u010ctvrt\u00e1 mo\u017enost, kupte um\u011bleck\u00e9 tisky v m\u00edstn\u00edm obchod\u011b. K dispozici jsou dv\u011b mo\u017enosti, jedna jako neomezen\u00e1 edice s podpisem um\u011blce, druh\u00e1 je podepsan\u00fd tisk z limitovan\u00e9 edice. Oba typy um\u011bleck\u00fdch tisk\u016f jsou ve sb\u011bratelsk\u00e9 kvalit\u011b, vytisknut\u00e9 na pap\u00ed\u0159e s vysokou hustotou, prav\u00fdmi barvami, s garantovanou uchovatelnost\u00ed p\u0159es 50 a 100 let. Tisky jsou dopl\u0148ov\u00e1ny do skladu v mal\u00fdch mno\u017estv\u00edch, tak\u017ee o\u010dek\u00e1vejte n\u011bjakou \u010dekac\u00ed dobu, obvykle zpracov\u00e1v\u00e1me v\u0161echny objedn\u00e1vky do t\u0159\u00ed t\u00fddn\u016f nebo rychleji.<\/p>\n\n<p>P\u00e1t\u00e1 mo\u017enost, koupit origin\u00e1ln\u00ed malbu. Pros\u00edm, kontaktujte n\u00e1s na <a href=\"mailto:office@radekstencl.com\">office@radekstencl.com<\/a> pro dostupnost a obchodn\u00ed podm\u00ednky.<\/p><\/div><figure class=\"wp-block-pullquote\" style=\"padding-right:0;padding-left:0\"><blockquote><p><em>\u201cPravda je jedna. Je to to, co se skute\u010dn\u011b d\u011bje nebo stalo a jak\u00e9 to doopravdy je nebo bylo, bez ohledu na to, co si kdo o tom mysl\u00ed nebo co o tom kdo \u0159\u00edk\u00e1.\u201d<\/em><\/p><\/blockquote><\/figure><div class=\"wp-block-group is-layout-constrained wp-container-core-group-is-layout-7 wp-block-group-is-layout-constrained\" style=\"padding-right:0;padding-left:0\"><h2 class=\"wp-block-heading\" id=\"coa\"><strong>Chcete ov\u011b\u0159it pravost?<\/strong><\/h2>\n\n<figure class=\"wp-block-image alignright size-full is-resized\"><img loading=\"lazy\" decoding=\"async\" width=\"800\" height=\"588\" src=\"https:\/\/www.radekstencl.com\/cz\/wp-content\/uploads\/sites\/4\/2024\/09\/Radek-Stencl-Trust-Certificate-of-Authenticity-1.jpg\" alt=\"\" class=\"wp-image-357\" style=\"width:500px\" srcset=\"https:\/\/www.radekstencl.com\/cz\/wp-content\/uploads\/sites\/4\/2024\/09\/Radek-Stencl-Trust-Certificate-of-Authenticity-1.jpg 800w, https:\/\/www.radekstencl.com\/cz\/wp-content\/uploads\/sites\/4\/2024\/09\/Radek-Stencl-Trust-Certificate-of-Authenticity-1-300x221.jpg 300w, https:\/\/www.radekstencl.com\/cz\/wp-content\/uploads\/sites\/4\/2024\/09\/Radek-Stencl-Trust-Certificate-of-Authenticity-1-768x564.jpg 768w, https:\/\/www.radekstencl.com\/cz\/wp-content\/uploads\/sites\/4\/2024\/09\/Radek-Stencl-Trust-Certificate-of-Authenticity-1-600x441.jpg 600w\" sizes=\"(max-width: 800px) 100vw, 800px\" \/><figcaption class=\"wp-element-caption\"><em>Certifik\u00e1t pravosti Radek \u0160tencl Trust, neboli RST COA, na zadn\u00ed stran\u011b obrazu <\/em><\/figcaption><\/figure>\n\n<p>Certifik\u00e1t pravosti Radek \u0160tencl Trust, neboli RST COA, je automaticky poskytov\u00e1n s ka\u017ed\u00fdm nov\u011b prodan\u00fdm um\u011bleck\u00fdm d\u00edlem. Plat\u00ed pro origin\u00e1ln\u00ed malby.<\/p>\n\n<p>Jeden je p\u0159ipojen k samotn\u00e9mu um\u011bleck\u00e9mu d\u00edlu, druh\u00fd v\u00e1m bude p\u0159ed\u00e1n p\u0159i koupi.<\/p>\n\n<p>Pro jak\u00e9koli dal\u0161\u00ed po\u017eadavky na vyd\u00e1n\u00ed certifik\u00e1tu pravosti n\u00e1s pros\u00edm kontaktujte na <a href=\"mailto:office@radekstencl.com\">office@radekstencl.com<\/a> a uve\u010fte co nejv\u00edce podrobnost\u00ed.<\/p>\n\n<div style=\"height:100px\" aria-hidden=\"true\" class=\"wp-block-spacer\"><\/div><\/div><div class=\"wp-block-group has-ast-global-color-4-background-color has-background is-layout-constrained wp-block-group-is-layout-constrained\"><p>Bonusov\u00fd obsah jako odm\u011bna za to, \u017ee jste do\u010detli a\u017e sem.<\/p>\n\n<h2 class=\"wp-block-heading\"><strong>Prvn\u00ed v\u00fdstava obraz\u016f ze s\u00e9rie Tekut\u00e9 linie<\/strong><\/h2>\n\n<p>V\u00fdstava byla nejnav\u0161t\u011bvovan\u011bj\u0161\u00ed v\u00fdstavou za posledn\u00ed t\u0159i roky v dlouh\u00e9 historii Era. Mezi ohlasy n\u00e1v\u0161t\u011bvn\u00edk\u016f v\u00fdstavy bylo sly\u0161et nap\u0159\u00edklad: \u201eTato d\u00edla maj\u00ed du\u0161i\u201c nebo \u201eBarva, kompozice a v\u00edcevrstv\u00e1 struktura, to v\u0161e je velmi poutav\u00e9\u201c.<\/p>\n\n<figure class=\"wp-block-gallery has-nested-images columns-default is-cropped wp-block-gallery-1 is-layout-flex wp-block-gallery-is-layout-flex\"><figure class=\"wp-block-image size-large\"><img loading=\"lazy\" decoding=\"async\" width=\"1024\" height=\"683\" src=\"https:\/\/www.radekstencl.com\/cz\/wp-content\/uploads\/sites\/4\/2024\/09\/01-Medium-1024x683.jpg\" alt=\"\" class=\"wp-image-360\" srcset=\"https:\/\/www.radekstencl.com\/cz\/wp-content\/uploads\/sites\/4\/2024\/09\/01-Medium-1024x683.jpg 1024w, https:\/\/www.radekstencl.com\/cz\/wp-content\/uploads\/sites\/4\/2024\/09\/01-Medium-300x200.jpg 300w, https:\/\/www.radekstencl.com\/cz\/wp-content\/uploads\/sites\/4\/2024\/09\/01-Medium-768x512.jpg 768w, https:\/\/www.radekstencl.com\/cz\/wp-content\/uploads\/sites\/4\/2024\/09\/01-Medium-600x400.jpg 600w, https:\/\/www.radekstencl.com\/cz\/wp-content\/uploads\/sites\/4\/2024\/09\/01-Medium.jpg 1152w\" sizes=\"(max-width: 1024px) 100vw, 1024px\" \/><\/figure>\n\n<figure class=\"wp-block-image size-large\"><img loading=\"lazy\" decoding=\"async\" width=\"1024\" height=\"683\" src=\"https:\/\/www.radekstencl.com\/cz\/wp-content\/uploads\/sites\/4\/2024\/09\/02-Medium-1024x683.jpg\" alt=\"\" class=\"wp-image-359\" srcset=\"https:\/\/www.radekstencl.com\/cz\/wp-content\/uploads\/sites\/4\/2024\/09\/02-Medium-1024x683.jpg 1024w, https:\/\/www.radekstencl.com\/cz\/wp-content\/uploads\/sites\/4\/2024\/09\/02-Medium-300x200.jpg 300w, https:\/\/www.radekstencl.com\/cz\/wp-content\/uploads\/sites\/4\/2024\/09\/02-Medium-768x512.jpg 768w, https:\/\/www.radekstencl.com\/cz\/wp-content\/uploads\/sites\/4\/2024\/09\/02-Medium-600x400.jpg 600w, https:\/\/www.radekstencl.com\/cz\/wp-content\/uploads\/sites\/4\/2024\/09\/02-Medium.jpg 1152w\" sizes=\"(max-width: 1024px) 100vw, 1024px\" \/><\/figure>\n\n<figure class=\"wp-block-image size-large\"><img loading=\"lazy\" decoding=\"async\" width=\"1024\" height=\"683\" src=\"https:\/\/www.radekstencl.com\/cz\/wp-content\/uploads\/sites\/4\/2024\/09\/03-Medium-1024x683.jpg\" alt=\"\" class=\"wp-image-362\" srcset=\"https:\/\/www.radekstencl.com\/cz\/wp-content\/uploads\/sites\/4\/2024\/09\/03-Medium-1024x683.jpg 1024w, https:\/\/www.radekstencl.com\/cz\/wp-content\/uploads\/sites\/4\/2024\/09\/03-Medium-300x200.jpg 300w, https:\/\/www.radekstencl.com\/cz\/wp-content\/uploads\/sites\/4\/2024\/09\/03-Medium-768x512.jpg 768w, https:\/\/www.radekstencl.com\/cz\/wp-content\/uploads\/sites\/4\/2024\/09\/03-Medium-600x400.jpg 600w, https:\/\/www.radekstencl.com\/cz\/wp-content\/uploads\/sites\/4\/2024\/09\/03-Medium.jpg 1152w\" sizes=\"(max-width: 1024px) 100vw, 1024px\" \/><\/figure>\n\n<figure class=\"wp-block-image size-large\"><img loading=\"lazy\" decoding=\"async\" width=\"1024\" height=\"683\" src=\"https:\/\/www.radekstencl.com\/cz\/wp-content\/uploads\/sites\/4\/2024\/09\/04-Medium-1024x683.jpg\" alt=\"\" class=\"wp-image-363\" srcset=\"https:\/\/www.radekstencl.com\/cz\/wp-content\/uploads\/sites\/4\/2024\/09\/04-Medium-1024x683.jpg 1024w, https:\/\/www.radekstencl.com\/cz\/wp-content\/uploads\/sites\/4\/2024\/09\/04-Medium-300x200.jpg 300w, https:\/\/www.radekstencl.com\/cz\/wp-content\/uploads\/sites\/4\/2024\/09\/04-Medium-768x512.jpg 768w, https:\/\/www.radekstencl.com\/cz\/wp-content\/uploads\/sites\/4\/2024\/09\/04-Medium-600x400.jpg 600w, https:\/\/www.radekstencl.com\/cz\/wp-content\/uploads\/sites\/4\/2024\/09\/04-Medium.jpg 1152w\" sizes=\"(max-width: 1024px) 100vw, 1024px\" \/><\/figure>\n\n<figure class=\"wp-block-image size-large\"><img loading=\"lazy\" decoding=\"async\" width=\"1024\" height=\"683\" src=\"https:\/\/www.radekstencl.com\/cz\/wp-content\/uploads\/sites\/4\/2024\/09\/05-Medium-1024x683.jpg\" alt=\"\" class=\"wp-image-365\" srcset=\"https:\/\/www.radekstencl.com\/cz\/wp-content\/uploads\/sites\/4\/2024\/09\/05-Medium-1024x683.jpg 1024w, https:\/\/www.radekstencl.com\/cz\/wp-content\/uploads\/sites\/4\/2024\/09\/05-Medium-300x200.jpg 300w, https:\/\/www.radekstencl.com\/cz\/wp-content\/uploads\/sites\/4\/2024\/09\/05-Medium-768x512.jpg 768w, https:\/\/www.radekstencl.com\/cz\/wp-content\/uploads\/sites\/4\/2024\/09\/05-Medium-600x400.jpg 600w, https:\/\/www.radekstencl.com\/cz\/wp-content\/uploads\/sites\/4\/2024\/09\/05-Medium.jpg 1152w\" sizes=\"(max-width: 1024px) 100vw, 1024px\" \/><\/figure>\n\n<figure class=\"wp-block-image size-large\"><img loading=\"lazy\" decoding=\"async\" width=\"1024\" height=\"683\" src=\"https:\/\/www.radekstencl.com\/cz\/wp-content\/uploads\/sites\/4\/2024\/09\/06-Medium-1024x683.jpg\" alt=\"\" class=\"wp-image-364\" srcset=\"https:\/\/www.radekstencl.com\/cz\/wp-content\/uploads\/sites\/4\/2024\/09\/06-Medium-1024x683.jpg 1024w, https:\/\/www.radekstencl.com\/cz\/wp-content\/uploads\/sites\/4\/2024\/09\/06-Medium-300x200.jpg 300w, https:\/\/www.radekstencl.com\/cz\/wp-content\/uploads\/sites\/4\/2024\/09\/06-Medium-768x512.jpg 768w, https:\/\/www.radekstencl.com\/cz\/wp-content\/uploads\/sites\/4\/2024\/09\/06-Medium-600x400.jpg 600w, https:\/\/www.radekstencl.com\/cz\/wp-content\/uploads\/sites\/4\/2024\/09\/06-Medium.jpg 1152w\" sizes=\"(max-width: 1024px) 100vw, 1024px\" \/><\/figure>\n\n<figure class=\"wp-block-image size-large\"><img loading=\"lazy\" decoding=\"async\" width=\"1024\" height=\"683\" src=\"https:\/\/www.radekstencl.com\/cz\/wp-content\/uploads\/sites\/4\/2024\/09\/08-Medium-1024x683.jpg\" alt=\"\" class=\"wp-image-366\" srcset=\"https:\/\/www.radekstencl.com\/cz\/wp-content\/uploads\/sites\/4\/2024\/09\/08-Medium-1024x683.jpg 1024w, https:\/\/www.radekstencl.com\/cz\/wp-content\/uploads\/sites\/4\/2024\/09\/08-Medium-300x200.jpg 300w, https:\/\/www.radekstencl.com\/cz\/wp-content\/uploads\/sites\/4\/2024\/09\/08-Medium-768x512.jpg 768w, https:\/\/www.radekstencl.com\/cz\/wp-content\/uploads\/sites\/4\/2024\/09\/08-Medium-600x400.jpg 600w, https:\/\/www.radekstencl.com\/cz\/wp-content\/uploads\/sites\/4\/2024\/09\/08-Medium.jpg 1152w\" sizes=\"(max-width: 1024px) 100vw, 1024px\" \/><\/figure>\n\n<figure class=\"wp-block-image size-large\"><img loading=\"lazy\" decoding=\"async\" width=\"1024\" height=\"683\" src=\"https:\/\/www.radekstencl.com\/cz\/wp-content\/uploads\/sites\/4\/2024\/09\/10-Medium-1024x683.jpg\" alt=\"\" class=\"wp-image-361\" srcset=\"https:\/\/www.radekstencl.com\/cz\/wp-content\/uploads\/sites\/4\/2024\/09\/10-Medium-1024x683.jpg 1024w, https:\/\/www.radekstencl.com\/cz\/wp-content\/uploads\/sites\/4\/2024\/09\/10-Medium-300x200.jpg 300w, https:\/\/www.radekstencl.com\/cz\/wp-content\/uploads\/sites\/4\/2024\/09\/10-Medium-768x512.jpg 768w, https:\/\/www.radekstencl.com\/cz\/wp-content\/uploads\/sites\/4\/2024\/09\/10-Medium-600x400.jpg 600w, https:\/\/www.radekstencl.com\/cz\/wp-content\/uploads\/sites\/4\/2024\/09\/10-Medium.jpg 1152w\" sizes=\"(max-width: 1024px) 100vw, 1024px\" \/><\/figure>\n\n<figure class=\"wp-block-image size-large\"><img loading=\"lazy\" decoding=\"async\" width=\"1024\" height=\"683\" src=\"https:\/\/www.radekstencl.com\/cz\/wp-content\/uploads\/sites\/4\/2024\/09\/11-Medium-1024x683.jpg\" alt=\"\" class=\"wp-image-369\" srcset=\"https:\/\/www.radekstencl.com\/cz\/wp-content\/uploads\/sites\/4\/2024\/09\/11-Medium-1024x683.jpg 1024w, https:\/\/www.radekstencl.com\/cz\/wp-content\/uploads\/sites\/4\/2024\/09\/11-Medium-300x200.jpg 300w, https:\/\/www.radekstencl.com\/cz\/wp-content\/uploads\/sites\/4\/2024\/09\/11-Medium-768x512.jpg 768w, https:\/\/www.radekstencl.com\/cz\/wp-content\/uploads\/sites\/4\/2024\/09\/11-Medium-600x400.jpg 600w, https:\/\/www.radekstencl.com\/cz\/wp-content\/uploads\/sites\/4\/2024\/09\/11-Medium.jpg 1152w\" sizes=\"(max-width: 1024px) 100vw, 1024px\" \/><\/figure>\n\n<figure class=\"wp-block-image size-large\"><img loading=\"lazy\" decoding=\"async\" width=\"1024\" height=\"683\" src=\"https:\/\/www.radekstencl.com\/cz\/wp-content\/uploads\/sites\/4\/2024\/09\/2001-Medium-1024x683.jpg\" alt=\"\" class=\"wp-image-368\" srcset=\"https:\/\/www.radekstencl.com\/cz\/wp-content\/uploads\/sites\/4\/2024\/09\/2001-Medium-1024x683.jpg 1024w, https:\/\/www.radekstencl.com\/cz\/wp-content\/uploads\/sites\/4\/2024\/09\/2001-Medium-300x200.jpg 300w, https:\/\/www.radekstencl.com\/cz\/wp-content\/uploads\/sites\/4\/2024\/09\/2001-Medium-768x512.jpg 768w, https:\/\/www.radekstencl.com\/cz\/wp-content\/uploads\/sites\/4\/2024\/09\/2001-Medium-600x400.jpg 600w, https:\/\/www.radekstencl.com\/cz\/wp-content\/uploads\/sites\/4\/2024\/09\/2001-Medium.jpg 1152w\" sizes=\"(max-width: 1024px) 100vw, 1024px\" \/><\/figure>\n\n<figure class=\"wp-block-image size-large\"><img loading=\"lazy\" decoding=\"async\" width=\"1024\" height=\"683\" src=\"https:\/\/www.radekstencl.com\/cz\/wp-content\/uploads\/sites\/4\/2024\/09\/2002-Medium-1024x683.jpg\" alt=\"\" class=\"wp-image-367\" srcset=\"https:\/\/www.radekstencl.com\/cz\/wp-content\/uploads\/sites\/4\/2024\/09\/2002-Medium-1024x683.jpg 1024w, https:\/\/www.radekstencl.com\/cz\/wp-content\/uploads\/sites\/4\/2024\/09\/2002-Medium-300x200.jpg 300w, https:\/\/www.radekstencl.com\/cz\/wp-content\/uploads\/sites\/4\/2024\/09\/2002-Medium-768x512.jpg 768w, https:\/\/www.radekstencl.com\/cz\/wp-content\/uploads\/sites\/4\/2024\/09\/2002-Medium-600x400.jpg 600w, https:\/\/www.radekstencl.com\/cz\/wp-content\/uploads\/sites\/4\/2024\/09\/2002-Medium.jpg 1152w\" sizes=\"(max-width: 1024px) 100vw, 1024px\" \/><\/figure>\n\n<figure class=\"wp-block-image size-large\"><img loading=\"lazy\" decoding=\"async\" width=\"1024\" height=\"683\" src=\"https:\/\/www.radekstencl.com\/cz\/wp-content\/uploads\/sites\/4\/2024\/09\/2003-Medium-1024x683.jpg\" alt=\"\" class=\"wp-image-370\" srcset=\"https:\/\/www.radekstencl.com\/cz\/wp-content\/uploads\/sites\/4\/2024\/09\/2003-Medium-1024x683.jpg 1024w, https:\/\/www.radekstencl.com\/cz\/wp-content\/uploads\/sites\/4\/2024\/09\/2003-Medium-300x200.jpg 300w, https:\/\/www.radekstencl.com\/cz\/wp-content\/uploads\/sites\/4\/2024\/09\/2003-Medium-768x512.jpg 768w, https:\/\/www.radekstencl.com\/cz\/wp-content\/uploads\/sites\/4\/2024\/09\/2003-Medium-600x400.jpg 600w, https:\/\/www.radekstencl.com\/cz\/wp-content\/uploads\/sites\/4\/2024\/09\/2003-Medium.jpg 1152w\" sizes=\"(max-width: 1024px) 100vw, 1024px\" \/><\/figure><\/figure>\n\n<div style=\"height:100px\" aria-hidden=\"true\" class=\"wp-block-spacer\"><\/div>\n\n<h2 class=\"wp-block-heading\">R<strong>adek \u0160tencl o um\u011bleck\u00e9m konceptu Tekut\u00e9 linie<\/strong><\/h2>\n\n<figure class=\"wp-block-embed is-type-video is-provider-youtube wp-block-embed-youtube wp-embed-aspect-16-9 wp-has-aspect-ratio\"><div class=\"wp-block-embed__wrapper\">\n<div class=\"ast-oembed-container \" style=\"height: 100%;\"><iframe loading=\"lazy\" title=\"Radek \u0160tencl - Tekut\u00e9 Linie obrazy \/\/ Fluid Lines paintings \/\/ Unendliche Linien\u200b\u200b Gem\u00e4lde\" width=\"500\" height=\"281\" src=\"https:\/\/www.youtube.com\/embed\/p5diSPNhFl4?feature=oembed\" frameborder=\"0\" allow=\"accelerometer; autoplay; clipboard-write; encrypted-media; gyroscope; picture-in-picture; web-share\" referrerpolicy=\"strict-origin-when-cross-origin\" allowfullscreen><\/iframe><\/div>\n<\/div><\/figure>\n\n<p class=\"has-text-align-center\">Film: Radek \u0160tencl &#8211; Tekut\u00e9 Linie obrazy \/\/ Fluid Lines paintings<\/p>\n\n<p class=\"has-text-align-center\">D\u00e9lka: 3 m 29 s<\/p>\n\n<p class=\"has-text-align-center\">Vyrobil: Radek \u0160tencl Trust, Turov s.r.o.<\/p>\n\n<p class=\"has-text-align-center\">Hudba: Sluri6<\/p><\/div><p><\/p>","protected":false},"excerpt":{"rendered":"<p>Pro nej\u010dast\u011bj\u0161\u00ed ot\u00e1zky a po\u017eadavky jsme pro v\u00e1s p\u0159ipravili pom\u011brn\u011b obs\u00e1hl\u00fd kus informac\u00ed, a doporu\u010dujeme v\u00e1m si jej p\u0159e\u010d\u00edst. Pokud [&hellip;]<\/p>\n","protected":false},"author":1,"featured_media":0,"parent":0,"menu_order":0,"comment_status":"closed","ping_status":"closed","template":"","meta":{"site-sidebar-layout":"no-sidebar","site-content-layout":"plain-container","ast-site-content-layout":"normal-width-container","site-content-style":"boxed","site-sidebar-style":"default","ast-global-header-display":"","ast-banner-title-visibility":"","ast-main-header-display":"","ast-hfb-above-header-display":"","ast-hfb-below-header-display":"","ast-hfb-mobile-header-display":"","site-post-title":"disabled","ast-breadcrumbs-content":"","ast-featured-img":"","footer-sml-layout":"","theme-transparent-header-meta":"disabled","adv-header-id-meta":"","stick-header-meta":"","header-above-stick-meta":"","header-main-stick-meta":"","header-below-stick-meta":"","astra-migrate-meta-layouts":"set","ast-page-background-enabled":"default","ast-page-background-meta":{"desktop":{"background-color":"var(--ast-global-color-4)","background-image":"","background-repeat":"repeat","background-position":"center center","background-size":"auto","background-attachment":"scroll","background-type":"","background-media":"","overlay-type":"","overlay-color":"","overlay-opacity":"","overlay-gradient":""},"tablet":{"background-color":"","background-image":"","background-repeat":"repeat","background-position":"center center","background-size":"auto","background-attachment":"scroll","background-type":"","background-media":"","overlay-type":"","overlay-color":"","overlay-opacity":"","overlay-gradient":""},"mobile":{"background-color":"","background-image":"","background-repeat":"repeat","background-position":"center center","background-size":"auto","background-attachment":"scroll","background-type":"","background-media":"","overlay-type":"","overlay-color":"","overlay-opacity":"","overlay-gradient":""}},"ast-content-background-meta":{"desktop":{"background-color":"var(--ast-global-color-5)","background-image":"","background-repeat":"repeat","background-position":"center center","background-size":"auto","background-attachment":"scroll","background-type":"","background-media":"","overlay-type":"","overlay-color":"","overlay-opacity":"","overlay-gradient":""},"tablet":{"background-color":"var(--ast-global-color-5)","background-image":"","background-repeat":"repeat","background-position":"center center","background-size":"auto","background-attachment":"scroll","background-type":"","background-media":"","overlay-type":"","overlay-color":"","overlay-opacity":"","overlay-gradient":""},"mobile":{"background-color":"var(--ast-global-color-5)","background-image":"","background-repeat":"repeat","background-position":"center center","background-size":"auto","background-attachment":"scroll","background-type":"","background-media":"","overlay-type":"","overlay-color":"","overlay-opacity":"","overlay-gradient":""}},"footnotes":""},"class_list":["post-285","page","type-page","status-publish","hentry"],"_links":{"self":[{"href":"https:\/\/www.radekstencl.com\/cz\/wp-json\/wp\/v2\/pages\/285"}],"collection":[{"href":"https:\/\/www.radekstencl.com\/cz\/wp-json\/wp\/v2\/pages"}],"about":[{"href":"https:\/\/www.radekstencl.com\/cz\/wp-json\/wp\/v2\/types\/page"}],"author":[{"embeddable":true,"href":"https:\/\/www.radekstencl.com\/cz\/wp-json\/wp\/v2\/users\/1"}],"replies":[{"embeddable":true,"href":"https:\/\/www.radekstencl.com\/cz\/wp-json\/wp\/v2\/comments?post=285"}],"version-history":[{"count":83,"href":"https:\/\/www.radekstencl.com\/cz\/wp-json\/wp\/v2\/pages\/285\/revisions"}],"predecessor-version":[{"id":538,"href":"https:\/\/www.radekstencl.com\/cz\/wp-json\/wp\/v2\/pages\/285\/revisions\/538"}],"wp:attachment":[{"href":"https:\/\/www.radekstencl.com\/cz\/wp-json\/wp\/v2\/media?parent=285"}],"curies":[{"name":"wp","href":"https:\/\/api.w.org\/{rel}","templated":true}]}}